{"id":10002,"date":"2020-12-07T10:23:52","date_gmt":"2020-12-07T09:23:52","guid":{"rendered":"https:\/\/www.agrosmartglobal.eu\/?page_id=10002"},"modified":"2021-04-26T12:49:04","modified_gmt":"2021-04-26T10:49:04","slug":"partenaires-agrosmartglobal","status":"publish","type":"page","link":"https:\/\/www.agrosmartglobal.eu\/fr\/partenaires-agrosmartglobal\/","title":{"rendered":"Partenaires Agrosmartglobal"},"content":{"rendered":"<p>[vc_row el_class=\u00a0\u00bbsection-titulo\u00a0\u00bb][vc_column][vc_column_text]<\/p>\n    <h2 class=\"section-title text-center titulo-socios\">ESPAGNE<\/h2>\n\n<p>[\/vc_column_text][\/vc_column][\/vc_row][vc_row el_class=\u00a0\u00bbfila-socios\u00a0\u00bb el_id=\u00a0\u00bbagaca\u00a0\u00bb][vc_column el_class=\u00a0\u00bbcontainer\u00a0\u00bb][vc_row_inner][vc_column_inner][vc_column_text]<\/p>\n<p><img loading=\"lazy\" class=\"logo alignnone size-full\" src=\"https:\/\/www.agrosmartglobal.eu\/wp-content\/uploads\/2021\/01\/1-agaca.jpg\" alt=\"\" width=\"300\" height=\"180\" \/><\/p>\n<div>\n<h3>Association Galicienne des Coop\u00e9ratives Agroalimentaires \u2014 AGACA<\/h3>\n<\/div>\n<p>[\/vc_column_text][vc_column_text el_class=\u00a0\u00bbtexto\u00a0\u00bb]<\/p>\n<p>Entit\u00e9 qui regroupe environ une centaine de coop\u00e9ratives AA de Galice, r\u00e9gion du nord-ouest de la P\u00e9ninsule Ib\u00e9rique. Depuis 1988, elle d\u00e9fend et repr\u00e9sente les coop\u00e9ratives dans les sph\u00e8res publiques et priv\u00e9es o\u00f9 leurs int\u00e9r\u00eats sont r\u00e9gl\u00e9s et agit en tant qu\u2019entit\u00e9 de liaison et en tant qu&rsquo;espace pour le dialogue et la formation de synergies pour l&rsquo;am\u00e9lioration et \u00e0 l&rsquo;avancement de la production, la distribution et la commercialisation des produits et services de coop\u00e9ration.<\/p>\n<p>[\/vc_column_text][\/vc_column_inner][\/vc_row_inner][vc_row_inner][vc_column_inner width=\u00a0\u00bb1\/2&Prime;][vc_column_text]<\/p>\n    <a href=\"https:\/\/www.google.com\/maps\/place\/Asociaci%C3%B3n+Gallega+De+Cooperativas+Agroalimentarias\/@42.886098,-8.534296,15z\/data=!4m5!3m4!1s0x0:0xca7e37dc58146974!8m2!3d42.886098!4d-8.534296\" target=\"_blank\">\n      <img src=\"https:\/\/www.agrosmartglobal.eu\/wp-content\/themes\/agrosmart\/inc\/timthumb.php?src=https:\/\/www.agrosmartglobal.eu\/wp-content\/themes\/agrosmart\/img\/mapas\/agaca.png&w=368&h=135\">\n    <\/a>\n    \n<p>[\/vc_column_text][\/vc_column_inner][vc_column_inner width=\u00a0\u00bb1\/2&Prime;][vc_column_text]<\/p>\n<ul>\n<li>    <i class=\"fa fa-map-marker\"><\/i>\nR\u00faa Tomi\u00f1o, n\u00ba 22, 15703, Santiago de Compostela (A Coru\u00f1a).<\/li>\n<li>    <i class=\"fa fa-phone\"><\/i>\n Tel. +34 981 584 783<\/li>\n<li>    <i class=\"fa fa-envelope\"><\/i>\n <a href=\"agaca@agaca.coop\">agaca@agaca.coop<\/a><\/li>\n<li>    <i class=\"fa fa-desktop\"><\/i>\n <a href=\"https:\/\/www.agaca.coop\">www.agaca.coop<\/a><\/li>\n<\/ul>\n<p>[\/vc_column_text][\/vc_column_inner][\/vc_row_inner][\/vc_column][\/vc_row][vc_row el_class=\u00a0\u00bbfila-socios\u00a0\u00bb el_id=\u00a0\u00bbcalm\u00a0\u00bb][vc_column el_class=\u00a0\u00bbcontainer\u00a0\u00bb][vc_row_inner][vc_column_inner][vc_column_text]<\/p>\n<p><img loading=\"lazy\" class=\"logo alignnone size-full\" src=\"https:\/\/www.agrosmartglobal.eu\/wp-content\/uploads\/2021\/01\/2-calm.jpg\" alt=\"\" width=\"300\" height=\"180\" \/><\/p>\n<div>\n<h3>Coop\u00e9ratives Agro-alimentaires de Castille-La Manche<\/h3>\n<\/div>\n<p>[\/vc_column_text][vc_column_text el_class=\u00a0\u00bbtexto\u00a0\u00bb]<\/p>\n<p>Coop\u00e9ratives Agro-alimentaires Castille-La Manche est l&rsquo;entit\u00e9 qui repr\u00e9sente, d\u00e9fend et promeut les coop\u00e9ratives agroalimentaires de Castille-La Manche.<\/p>\n<p>Promeut, vert\u00e8bre et repr\u00e9sente coop\u00e9ratives agricoles de Castille-La Manche et les accompagne dans leur transition vers un mod\u00e8le de comp\u00e9titivit\u00e9, conduisant le processus de changement, en participant en tant que trader actif, assurant sa pr\u00e9sence dans tous les domaines li\u00e9s \u00e0 l&rsquo;industrie alimentaire et de fournir tous les services n\u00e9cessaires \u00e0 la concurrence nationale et internationale.<\/p>\n<p>[\/vc_column_text][\/vc_column_inner][\/vc_row_inner][vc_row_inner][vc_column_inner width=\u00a0\u00bb1\/2&Prime;][vc_column_text]<\/p>\n    <a href=\"https:\/\/www.google.com\/maps\/@39.393785,-3.203032,14z?hl=es-ES\" target=\"_blank\">\n      <img src=\"https:\/\/www.agrosmartglobal.eu\/wp-content\/themes\/agrosmart\/inc\/timthumb.php?src=https:\/\/www.agrosmartglobal.eu\/wp-content\/themes\/agrosmart\/img\/mapas\/calm.png&w=368&h=135\">\n    <\/a>\n    \n<p>[\/vc_column_text][\/vc_column_inner][vc_column_inner width=\u00a0\u00bb1\/2&Prime;][vc_column_text]<\/p>\n<ul>\n<li>    <i class=\"fa fa-map-marker\"><\/i>\nAvda. de Criptana, 43, 13600, Alc\u00e1zar de San Juan (Ciudad Real).<\/li>\n<li>    <i class=\"fa fa-phone\"><\/i>\n Tel. (+34) 926 545 200<\/li>\n<li>    <i class=\"fa fa-envelope\"><\/i>\n <a href=\"cooperativas@agroalimentariasclm.coop\">cooperativas@agroalimentariasclm.coop<\/a><\/li>\n<li>    <i class=\"fa fa-desktop\"><\/i>\n <a href=\"https:\/\/www.agroalimentariasclm.coop\">www.agroalimentariasclm.coop<\/a><\/li>\n<\/ul>\n<p>[\/vc_column_text][\/vc_column_inner][\/vc_row_inner][\/vc_column][\/vc_row][vc_row el_class=\u00a0\u00bbfila-socios\u00a0\u00bb el_id=\u00a0\u00bbkonfekoop\u00a0\u00bb][vc_column el_class=\u00a0\u00bbcontainer\u00a0\u00bb][vc_row_inner][vc_column_inner][vc_column_text]<\/p>\n<p><img loading=\"lazy\" class=\"logo alignnone size-full\" src=\"https:\/\/www.agrosmartglobal.eu\/wp-content\/uploads\/2021\/01\/3-konfekoop.jpg\" alt=\"\" width=\"300\" height=\"180\" \/><\/p>\n<div>\n<h3>Conf\u00e9d\u00e9ration des Coop\u00e9ratives du Pays Basque \u2014 KONFEKOOP<\/h3>\n<\/div>\n<p>[\/vc_column_text][vc_column_text el_class=\u00a0\u00bbtexto\u00a0\u00bb]La Conf\u00e9d\u00e9ration des coop\u00e9ratives d&rsquo;Euskadi repr\u00e9sente institutionnellement le secteur coop\u00e9ratif basque. Ses missions comprennent la d\u00e9fense et la promotion du mouvement coop\u00e9ratif basque, l&rsquo;information et le conseil technique, la formation des membres, dirigeants et techniciens des coop\u00e9ratives, la promotion de l&rsquo;inter-coop\u00e9ration des entreprises, la promotion de nouvelles coop\u00e9ratives et elle est aussi prestataire de divers services \u00e0 ses coop\u00e9ratives associ\u00e9es.[\/vc_column_text][\/vc_column_inner][\/vc_row_inner][vc_row_inner][vc_column_inner width=\u00a0\u00bb1\/2&Prime;][vc_column_text]<\/p>\n    <a href=\"https:\/\/www.google.com\/maps\/place\/KONFEKOOP+-+Confederaci%C3%B3n+de+Cooperativas+de+Euskadi\/@42.860897,-2.6697666,15z\/data=!4m2!3m1!1s0x0:0xd6c770eb30a8c3b8?sa=X&amp;ved=2ahUKEwiCzKCwycDtAhXSnFwKHbPmCVMQ_BIwDXoECB0QBQ\" target=\"_blank\">\n      <img src=\"https:\/\/www.agrosmartglobal.eu\/wp-content\/themes\/agrosmart\/inc\/timthumb.php?src=https:\/\/www.agrosmartglobal.eu\/wp-content\/themes\/agrosmart\/img\/mapas\/konfekoop.png&w=368&h=114\">\n    <\/a>\n    \n<p>[\/vc_column_text][\/vc_column_inner][vc_column_inner width=\u00a0\u00bb1\/2&Prime;][vc_column_text]<\/p>\n<ul>\n<li>    <i class=\"fa fa-map-marker\"><\/i>\nReyes de Navarra, 51 bajo. CP 01013. Vitoria- Gasteiz<\/li>\n<li>    <i class=\"fa fa-phone\"><\/i>\n Tel. +34 945 122 050<\/li>\n<li>    <i class=\"fa fa-envelope\"><\/i>\n <a href=\"info@konfecoop.coop\">info@konfecoop.coop<\/a><\/li>\n<li>    <i class=\"fa fa-desktop\"><\/i>\n <a href=\"https:\/\/www.konfekoop.coop\/\">www.konfekoop.coop<\/a><\/li>\n<\/ul>\n<p>[\/vc_column_text][\/vc_column_inner][\/vc_row_inner][\/vc_column][\/vc_row][vc_row el_class=\u00a0\u00bbfila-socios\u00a0\u00bb el_id=\u00a0\u00bbcamara-rioja\u00a0\u00bb][vc_column el_class=\u00a0\u00bbcontainer\u00a0\u00bb][vc_row_inner][vc_column_inner][vc_column_text]<\/p>\n<p><img loading=\"lazy\" class=\"alignnone size-full\" src=\"https:\/\/www.agrosmartglobal.eu\/wp-content\/uploads\/2021\/03\/4-camara-rioja.png\" alt=\"\" width=\"300\" height=\"180\" \/><\/p>\n<div>\n<h3>Chambre officielle de commerce, d&rsquo;industrie et de services de La Rioja<\/h3>\n<\/div>\n<p>[\/vc_column_text][vc_column_text el_class=\u00a0\u00bbtexto\u00a0\u00bb]<\/p>\n<p class=\"p1\"><span class=\"s1\">La Chambre Officielle de Commerce, <span style=\"font-weight: 400;\">d\u2019Industrie<\/span> et de Services de La Rioja est un organisme inform\u00e9 et form\u00e9 qui est constamment mis \u00e0 jour afin d&rsquo;offrir un service de qualit\u00e9. En tant qu&rsquo;organe consultatif, il se caract\u00e9rise par la valeur ajout\u00e9e de fiabilit\u00e9, de s\u00e9curit\u00e9 et de tranquillit\u00e9 apport\u00e9e par une source de conseil qui remplit le r\u00f4le d&rsquo;interm\u00e9diaire entre les administrations publiques et le monde des affaires priv\u00e9s, repr\u00e9sentant les int\u00e9r\u00eats g\u00e9n\u00e9raux du commerce, de l&rsquo;industrie et des services de La Rioja.<\/span><\/p>\n<p>[\/vc_column_text][\/vc_column_inner][\/vc_row_inner][vc_row_inner][vc_column_inner width=\u00a0\u00bb1\/2&Prime;][vc_column_text]<\/p>\n    <a href=\"https:\/\/www.google.com\/maps\/place\/C%C3%A1mara+de+Comercio+de+La+Rioja\/@42.4628256,-2.4483925,17z\/data=!4m12!1m6!3m5!1s0xd5aab3f5dd9f61b:0x6c0436783d8a3027!2sC%C3%A1mara+de+Comercio+de+La+Rioja!8m2!3d42.4628256!4d-2.4462038!3m4!1s0xd5aab3f5dd9f61b:0x6c0436783d8a3027!8m2!3d42.4628256!4d-2.4462038\" target=\"_blank\">\n      <img src=\"https:\/\/www.agrosmartglobal.eu\/wp-content\/themes\/agrosmart\/inc\/timthumb.php?src=https:\/\/www.agrosmartglobal.eu\/wp-content\/themes\/agrosmart\/img\/mapas\/comercio.png&w=368&h=145\">\n    <\/a>\n    \n<p>[\/vc_column_text][\/vc_column_inner][vc_column_inner width=\u00a0\u00bb1\/2&Prime;][vc_column_text]<\/p>\n<ul>\n<li>    <i class=\"fa fa-map-marker\"><\/i>\nC\/ Gran V\u00eda, 7-7\u00baPlanta. CP <span style=\"font-weight: 400;\">26001<\/span>. Logro\u00f1o<\/li>\n<li>    <i class=\"fa fa-phone\"><\/i>\n Tel. +34 941 248 500<\/li>\n<li>    <i class=\"fa fa-phone\"><\/i>\n Fax +34 941 239 695<\/li>\n<li>    <i class=\"fa fa-envelope\"><\/i>\n <a href=\"camara@camararioja.com \">camara@camararioja.com <\/a><\/li>\n<li>    <i class=\"fa fa-desktop\"><\/i>\n <a href=\"http:\/\/camaracomerciorioja.com\/\">www.camaracomerciorioja.com<\/a><\/li>\n<\/ul>\n<p>[\/vc_column_text][\/vc_column_inner][\/vc_row_inner][\/vc_column][\/vc_row][vc_row el_class=\u00a0\u00bbfila-socios\u00a0\u00bb][vc_column el_class=\u00a0\u00bbcontainer\u00a0\u00bb][vc_row_inner][vc_column_inner][vc_column_text]<\/p>\n<p><img loading=\"lazy\" class=\"logo alignnone size-full\" src=\"https:\/\/www.agrosmartglobal.eu\/wp-content\/uploads\/2021\/01\/5-amvos.jpg\" alt=\"\" width=\"300\" height=\"180\" \/><\/p>\n<div>\n<h3>Amvos Digital<\/h3>\n<\/div>\n<p>[\/vc_column_text][vc_column_text el_class=\u00a0\u00bbtexto\u00a0\u00bb]<\/p>\n<p>Amvos Digital SL a plus de 10 ans d\u2019exp\u00e9rience en internationalisation digitale, offrant des formations et r\u00e9alisant des strat\u00e9gies d\u2019internationalisation personnalis\u00e9es aux particularit\u00e9s de chaque secteur et\/ou entreprise. Elle est \u00e9galement experte en e-commerce, marketing digital et transformation num\u00e9rique.<\/p>\n<p>[\/vc_column_text][\/vc_column_inner][\/vc_row_inner][vc_row_inner][vc_column_inner width=\u00a0\u00bb1\/2&Prime;][vc_column_text]<\/p>\n    <a href=\"https:\/\/www.google.com\/maps\/place\/Amvos+Digital\/@40.451667,-3.691667,15z\/data=!4m2!3m1!1s0x0:0xd2925c24f31c299d?sa=X&amp;ved=2ahUKEwjWwLrCycDtAhUGZMAKHdbyB1YQ_BIwDHoECBwQBQ\" target=\"_blank\">\n      <img src=\"https:\/\/www.agrosmartglobal.eu\/wp-content\/themes\/agrosmart\/inc\/timthumb.php?src=https:\/\/www.agrosmartglobal.eu\/wp-content\/themes\/agrosmart\/img\/mapas\/amvos.png&w=368&h=114\">\n    <\/a>\n    \n<p>[\/vc_column_text][\/vc_column_inner][vc_column_inner width=\u00a0\u00bb1\/2&Prime;][vc_column_text]<\/p>\n<ul>\n<li>    <i class=\"fa fa-map-marker\"><\/i>\nC\/ Pedro Teixeira, 7 1\u00ba IZ. CP 28020. Madrid<\/li>\n<li>    <i class=\"fa fa-phone\"><\/i>\n Tel. + 34 914 185 012<\/li>\n<li>    <i class=\"fa fa-envelope\"><\/i>\n <a href=\"info@amvos-digital.com\">info@amvos-digital.com<\/a><\/li>\n<li>    <i class=\"fa fa-desktop\"><\/i>\n <a href=\"https:\/\/www.amvos-digital.com\/\">www.amvos-digital.com\/<\/a><\/li>\n<\/ul>\n<p>[\/vc_column_text][\/vc_column_inner][\/vc_row_inner][\/vc_column][\/vc_row][vc_row el_class=\u00a0\u00bbsection-titulo\u00a0\u00bb][vc_column][vc_column_text]<\/p>\n    <h2 class=\"section-title text-center titulo-socios\">FRANCE<\/h2>\n\n<p>[\/vc_column_text][\/vc_column][\/vc_row][vc_row el_class=\u00a0\u00bbfila-socios\u00a0\u00bb el_id=\u00a0\u00bbcoop\u00a0\u00bb][vc_column el_class=\u00a0\u00bbcontainer\u00a0\u00bb][vc_row_inner][vc_column_inner][vc_column_text]<\/p>\n<p><img loading=\"lazy\" class=\"alignnone size-full\" src=\"https:\/\/www.agrosmartglobal.eu\/wp-content\/uploads\/2021\/03\/6-coperation-agricole.png\" alt=\"\" width=\"300\" height=\"180\" \/><\/p>\n<div>\n<h3>La Coop\u00e9ration Agricole Nouvelle-Aquitaine<\/h3>\n<\/div>\n<p>[\/vc_column_text][vc_column_text el_class=\u00a0\u00bbtexto\u00a0\u00bb]<\/p>\n<p>La Coop\u00e9ration Agricole est la repr\u00e9sentation unifi\u00e9e des coop\u00e9ratives agricoles, agroalimentaires, agro-industrielles et foresti\u00e8res fran\u00e7aises.<\/p>\n<p>La Coop\u00e9ration Agricole Nouvelle-Aquitaine repr\u00e9sente concr\u00e8tement la r\u00e9gion Nouvelle Aquitaine, la premi\u00e8re r\u00e9gion agricole d\u2019Europe, avec 4 millions d&rsquo;ha et 83 000 exploitations,<\/p>\n<p>La Coop\u00e9ration Agricole est le premier acteur r\u00e9gional avec 40% du chiffre d&rsquo;affaires (11,2 milliards d&rsquo;euros de chiffre d&rsquo;affaires), 270 entreprises coop\u00e9ratives (+150 filiales +1700 CUMA), 23000 salari\u00e9s et 63000 agriculteurs coop\u00e9rateurs.<\/p>\n<p>L\u00b4offre de service inclut formation et services tels que promouvoire le mod\u00e8le coop\u00e9ratif, aider \u00e0 la cr\u00e9ation de coop\u00e9ratives, d\u00e9fendre les int\u00e9r\u00eats des coop\u00e9rateurs, faciliter la gestion au quotidien et le financement des coop\u00e9ratives et soutenir la diff\u00e9rentiation et l\u2019innovation.<\/p>\n<p>[\/vc_column_text][\/vc_column_inner][\/vc_row_inner][vc_row_inner][vc_column_inner width=\u00a0\u00bb1\/2&Prime;][vc_column_text]<\/p>\n    <a href=\"https:\/\/www.google.com\/search?tbs=lf:1,lf_ui:1&amp;tbm=lcl&amp;sxsrf=ALeKk02Kk3-BmKOQtmIyTydLBnpKa-vU8Q:1607505763956&amp;q=Europarc+%E2%80%93+3+avenue+L%C3%A9onard+de+Vinci+33608+PESSAC+Cedex&amp;rflfq=1&amp;num=10&amp;ved=2ahUKEwjdoaPQycDtAhWMQEEAHesUCVQQtgN6BAgGEAc\" target=\"_blank\">\n      <img src=\"https:\/\/www.agrosmartglobal.eu\/wp-content\/themes\/agrosmart\/inc\/timthumb.php?src=https:\/\/www.agrosmartglobal.eu\/wp-content\/themes\/agrosmart\/img\/mapas\/cana.png&w=368&h=114\">\n    <\/a>\n    \n<p>[\/vc_column_text][\/vc_column_inner][vc_column_inner width=\u00a0\u00bb1\/2&Prime;][vc_column_text]<\/p>\n<ul>\n<li>    <i class=\"fa fa-map-marker\"><\/i>\nEuroparc \u2013 3 avenue L\u00e9onard de Vinci 33608 PESSAC Cedex<\/li>\n<li>    <i class=\"fa fa-phone\"><\/i>\n Tel. +33 05 56 0078 60<\/li>\n<li>    <i class=\"fa fa-envelope\"><\/i>\n <a href=\"contact@na.lacoopagri.coop\">contact@na.lacoopagri.coop<\/a><\/li>\n<li>    <i class=\"fa fa-desktop\"><\/i>\n <a href=\"https:\/\/www.lacooperationagricole.coop\/ \">www.lacooperationagricole.coop<\/a><\/li>\n<\/ul>\n<p>[\/vc_column_text][\/vc_column_inner][\/vc_row_inner][\/vc_column][\/vc_row][vc_row el_class=\u00a0\u00bbfila-socios\u00a0\u00bb el_id=\u00a0\u00bbarepo\u00a0\u00bb][vc_column el_class=\u00a0\u00bbcontainer\u00a0\u00bb][vc_row_inner][vc_column_inner][vc_column_text]<\/p>\n<p><img loading=\"lazy\" class=\"logo alignnone size-full\" src=\"https:\/\/www.agrosmartglobal.eu\/wp-content\/uploads\/2021\/01\/7-arepo.jpg\" alt=\"\" width=\"300\" height=\"180\" \/><\/p>\n<div>\n<h3>Association des R\u00e9gions Europ\u00e9ennes des Produits d\u2019Origine \u2014 AREPO<\/h3>\n<\/div>\n<p>[\/vc_column_text][vc_column_text el_class=\u00a0\u00bbtexto\u00a0\u00bb]L\u2019AREPO est un r\u00e9seau de gouvernements r\u00e9gionaux et d\u2019associations de producteurs impliqu\u00e9s dans les produits d\u2019origine. L\u2019AREPO a pour objet la promotion et la d\u00e9fense des int\u00e9r\u00eats des producteurs et des consommateurs des r\u00e9gions europ\u00e9ennes engag\u00e9s dans la valorisation des produits agroalimentaires de qualit\u00e9.<\/p>\n<p>Le r\u00e9seau a \u00e9t\u00e9 cr\u00e9\u00e9 en mai 2004 \u00e0 Bordeaux par 16 r\u00e9gions issues de 6 pays europ\u00e9ens. Il repr\u00e9sente \u00e0 pr\u00e9sent 27 r\u00e9gions europ\u00e9ennes et plus de 400 associations de producteurs pour plus de 40 % des indications g\u00e9ographiques europ\u00e9ennes.[\/vc_column_text][\/vc_column_inner][\/vc_row_inner][vc_row_inner][vc_column_inner width=\u00a0\u00bb1\/2&Prime;][vc_column_text]<\/p>\n    <a href=\"https:\/\/www.google.com\/search?tbs=lf:1,lf_ui:2&amp;tbm=lcl&amp;sxsrf=ALeKk02SBuxni0hL6s74M0rpyy_x28I04w:1607507673423&amp;q=H%C3%B4tel+de+R%C3%A9gion,+14,+rue+Fran%C3%A7ois+de+Sourdis,+33000+Bordeaux.&amp;rflfq=1&amp;num=10&amp;ved=2ahUKEwj6juTe0MDtAhXNnOAKHbi4AQUQtgN6BAgBEAc\" target=\"_blank\">\n      <img src=\"https:\/\/www.agrosmartglobal.eu\/wp-content\/themes\/agrosmart\/inc\/timthumb.php?src=https:\/\/www.agrosmartglobal.eu\/wp-content\/themes\/agrosmart\/img\/mapas\/arepo.png&w=368&h=135\">\n    <\/a>\n    \n<p>[\/vc_column_text][\/vc_column_inner][vc_column_inner width=\u00a0\u00bb1\/2&Prime;][vc_column_text]<\/p>\n<ul>\n<li>    <i class=\"fa fa-map-marker\"><\/i>\nH\u00f4tel de R\u00e9gion, 14, rue Fran\u00e7ois de Sourdis, 33000 <span style=\"font-weight: 400;\">Bordeaux<\/span>.<\/li>\n<li>    <i class=\"fa fa-phone\"><\/i>\n Tel. +33 (0) 5 56 56 19 86<\/li>\n<li>    <i class=\"fa fa-envelope\"><\/i>\n <a href=\"eu-projects@arepoquality.eu\">eu-projects@arepoquality.eu<\/a><\/li>\n<li>    <i class=\"fa fa-desktop\"><\/i>\n <a href=\"http:\/\/www.arepoquality.eu\/\">www.arepoquality.eu\/<\/a><\/li>\n<\/ul>\n<p>[\/vc_column_text][\/vc_column_inner][\/vc_row_inner][\/vc_column][\/vc_row][vc_row el_class=\u00a0\u00bbfila-socios\u00a0\u00bb el_id=\u00a0\u00bbcamara-limoges\u00a0\u00bb][vc_column el_class=\u00a0\u00bbcontainer\u00a0\u00bb][vc_row_inner][vc_column_inner][vc_column_text]<\/p>\n<p><img loading=\"lazy\" class=\"logo alignnone size-full\" src=\"https:\/\/www.agrosmartglobal.eu\/wp-content\/uploads\/2021\/01\/8-camara-limognes-haute-vienne.jpg\" alt=\"\" width=\"300\" height=\"180\" \/><\/p>\n<div>\n<h3>Chambre de Commerce et d\u2019Industrie de Limoges et de la Haute-Vienne<\/h3>\n<\/div>\n<p>[\/vc_column_text][vc_column_text el_class=\u00a0\u00bbtexto\u00a0\u00bb]<\/p>\n<p>La CCI de Limoges et de la Haute-Vienne es un \u00e9tablissement public de l\u2019Etat, sous tutelle du minist\u00e8re de l\u2019Economie, des Finances et de l\u2019Industrie.<\/p>\n<p>Repr\u00e9sente les int\u00e9r\u00eats g\u00e9n\u00e9raux du commerce, de l\u2019industrie et des services de la Haute-Vienne, soit 14 951 \u00e9tablissements employant plus de 63 000 salari\u00e9s.<\/p>\n<p>La CCI disposse de 140 agents r\u00e9partis dans ses diff\u00e9rents secteurs d\u2019activit\u00e9 et d\u2019un budget de fonctionnement de 15 M\u20ac.<\/p>\n<p>Offre des services tels que d\u2019formation et conseil aupr\u00e8s des cr\u00e9ateurs et des entreprises, cr\u00e9ation et de gestion de centres de formation et cr\u00e9ation et de gestion d\u2019\u00e9quipements.<\/p>\n<p>[\/vc_column_text][\/vc_column_inner][\/vc_row_inner][vc_row_inner][vc_column_inner width=\u00a0\u00bb1\/2&Prime;][vc_column_text]<\/p>\n    <a href=\"https:\/\/www.google.com\/maps?q=16,+place+Jourdan+%E2%80%93+CS+60403+%E2%80%93+87011+LIMOGES+cedex&amp;um=1&amp;ie=UTF-8&amp;sa=X&amp;ved=2ahUKEwiM3sT1ycDtAhVPa8AKHZ5_CmAQ_AUoAXoECAsQAw\" target=\"_blank\">\n      <img src=\"https:\/\/www.agrosmartglobal.eu\/wp-content\/themes\/agrosmart\/inc\/timthumb.php?src=https:\/\/www.agrosmartglobal.eu\/wp-content\/themes\/agrosmart\/img\/mapas\/cci.png&w=368&h=145\">\n    <\/a>\n    \n<p>[\/vc_column_text][\/vc_column_inner][vc_column_inner width=\u00a0\u00bb1\/2&Prime;][vc_column_text]<\/p>\n<ul>\n<li>    <i class=\"fa fa-map-marker\"><\/i>\n16, place Jourdan &#8211; CS 60403 &#8211; 87011 LIMOGES cedex<\/li>\n<li>    <i class=\"fa fa-phone\"><\/i>\n Tel. +33 05 55 45 15 15<\/li>\n<li>    <i class=\"fa fa-phone\"><\/i>\n Fax +33 05 55 32 24 46<\/li>\n<li>    <i class=\"fa fa-envelope\"><\/i>\n <a href=\"info@limoges.cci.fr\">info@limoges.cci.fr<\/a><\/li>\n<li>    <i class=\"fa fa-desktop\"><\/i>\n <a href=\"https:\/\/www.limoges.cci.fr\/\">www.limoges.cci.fr<\/a><\/li>\n<\/ul>\n<p>[\/vc_column_text][\/vc_column_inner][\/vc_row_inner][\/vc_column][\/vc_row][vc_row el_class=\u00a0\u00bbsection-titulo\u00a0\u00bb][vc_column][vc_column_text]<\/p>\n    <h2 class=\"section-title text-center titulo-socios\">PORTUGAL<\/h2>\n\n<p>[\/vc_column_text][\/vc_column][\/vc_row][vc_row el_class=\u00a0\u00bbfila-socios\u00a0\u00bb el_id=\u00a0\u00bbconfagri\u00a0\u00bb][vc_column el_class=\u00a0\u00bbcontainer\u00a0\u00bb][vc_row_inner][vc_column_inner][vc_column_text]<\/p>\n<p><img loading=\"lazy\" class=\"logo alignnone size-full\" src=\"https:\/\/www.agrosmartglobal.eu\/wp-content\/uploads\/2021\/01\/9-confagri.jpg\" alt=\"\" width=\"300\" height=\"180\" \/><\/p>\n<div>\n<h3>Conf\u00e9d\u00e9ration Nacionale des Coop\u00e9ratives Agricoles et de Cr\u00e9dit Agricole du Portugal \u2014 CONFAGRI<\/h3>\n<\/div>\n<p>[\/vc_column_text][vc_column_text el_class=\u00a0\u00bbtexto\u00a0\u00bb]<\/p>\n<p>CONFAGRI est de repr\u00e9sente les coop\u00e9ratives agricoles portugaises aupr\u00e8s des administrations portugaises et europ\u00e9ennes.<\/p>\n<p>CONFAGRI travaille avec environ 300 organisations agricoles portugaises (coop\u00e9ratives, associations agricoles et banques agricoles mutuelles), en les soutenant dans la mise en oeuvre de diff\u00e9rents services pour leurs agriculteurs associ\u00e9s, dans diff\u00e9rents domaines tels que les PAC, la formation et le conseil.<\/p>\n<p>[\/vc_column_text][\/vc_column_inner][\/vc_row_inner][vc_row_inner][vc_column_inner width=\u00a0\u00bb1\/2&Prime;][vc_column_text]<\/p>\n    <a href=\"https:\/\/www.google.com\/maps\/place\/CONFAGRI+-+CONFEDERA%C3%87%C3%83O+NACIONAL+DAS+COOPERATIVAS+AGR%C3%8DCOLAS+E+DO+CR%C3%89DITO+AGR%C3%8DCOLA+DE+PORTUGAL\/@38.7715192,-9.1267226,15z\/data=!4m2!3m1!1s0x0:0xd0271d9e8e2b9e16?sa=X&amp;ved=2ahUKEwjF04yAysDtAhWNgVwKHS2nCl8Q_BIwCnoECBgQBQ\" target=\"_blank\">\n      <img src=\"https:\/\/www.agrosmartglobal.eu\/wp-content\/themes\/agrosmart\/inc\/timthumb.php?src=https:\/\/www.agrosmartglobal.eu\/wp-content\/themes\/agrosmart\/img\/mapas\/confagri.png&w=368&h=135\">\n    <\/a>\n    \n<p>[\/vc_column_text][\/vc_column_inner][vc_column_inner width=\u00a0\u00bb1\/2&Prime;][vc_column_text]<\/p>\n<ul>\n<li>    <i class=\"fa fa-map-marker\"><\/i>\nRua Projectada \u00e0 Rua C (Aeroporto Humberto Delgado). 1700008. Lisboa<\/li>\n<li>    <i class=\"fa fa-phone\"><\/i>\n Tel. +351 218118000<\/li>\n<li>    <i class=\"fa fa-envelope\"><\/i>\n <a href=\"confagri@confagri.pt\">confagri@confagri.pt<\/a><\/li>\n<li>    <i class=\"fa fa-desktop\"><\/i>\n <a href=\"https:\/\/www.confagri.pt\/ \">www.confagri.pt<\/a><\/li>\n<\/ul>\n<p>[\/vc_column_text][\/vc_column_inner][\/vc_row_inner][\/vc_column][\/vc_row][vc_row el_class=\u00a0\u00bbfila-socios\u00a0\u00bb el_id=\u00a0\u00bbutad\u00a0\u00bb][vc_column el_class=\u00a0\u00bbcontainer\u00a0\u00bb][vc_row_inner][vc_column_inner][vc_column_text]<\/p>\n<p><img loading=\"lazy\" class=\"logo alignnone size-full\" src=\"https:\/\/www.agrosmartglobal.eu\/wp-content\/uploads\/2021\/01\/10-utad.jpg\" alt=\"\" width=\"300\" height=\"180\" \/><\/p>\n<div>\n<h3>Universidade de Tr\u00e1s-os-Montes e Alto Douro \u2014 UTAD<\/h3>\n<\/div>\n<p>[\/vc_column_text][vc_column_text el_class=\u00a0\u00bbtexto\u00a0\u00bb]L&rsquo;Universit\u00e9 de Tr\u00e1s-os-Montes e Alto Douro (UTAD) est d\u00e9di\u00e9 \u00e0 l&rsquo;enseignement, la recherche et l\u2019extension universitaire. Elle est organis\u00e9e en cinq \u00e9coles: Sciences Agricoles et V\u00e9t\u00e9rinaires, Sciences Humaines et Sociales, Sciences et Technologie, Sciences de la Vie et Environnement et \u00c9cole Sup\u00e9rieur en Soins Infirmiers. La facult\u00e9 permanente est compos\u00e9e d&rsquo;environ 530 professeurs (dont la plupart ont un doctorat) et 500 techniciens administratifs.<\/p>\n<p>Le UTAD offre 37 cours du 1er cycle, 60 du 2\u00e8me cycle et plus d&rsquo;une douzaine d&rsquo;\u00e9tudes de doctorat, et compte environ 7.500 \u00e9tudiants. Les activit\u00e9s de recherche sont concentr\u00e9es dans 8 centres de recherche: Centre de Sciences V\u00e9t\u00e9rinaires et Animales, Centre de Recherche et Technologie Agro-Environnemental et des Sciences Biologiques, Centre d\u2019\u00c9tudes Transdisciplinaires pour le D\u00e9veloppement, Centre d\u2019\u00c9tudes en Lettres, Centre de Chimie, Centre d\u2019\u00c9tudes Math\u00e9matiques et Centre des Sports, de la sant\u00e9 et du D\u00e9veloppement Humain. Chercheurs provenant d&rsquo;autres institutions au Portugal et \u00e0 l&rsquo;\u00e9tranger trabaillent aussi dans les Unit\u00e9s de Recherche.[\/vc_column_text][\/vc_column_inner][\/vc_row_inner][vc_row_inner][vc_column_inner width=\u00a0\u00bb1\/2&Prime;][vc_column_text]<\/p>\n    <a href=\"https:\/\/www.google.com\/maps?q=Universidade+de+Tras-os-Montes+e+Alto+Douro,+UTAD&amp;um=1&amp;ie=UTF-8&amp;sa=X&amp;ved=2ahUKEwjWjJWHysDtAhUtSEEAHTxFAVUQ_AUoAXoECA0QAw\" target=\"_blank\">\n      <img src=\"https:\/\/www.agrosmartglobal.eu\/wp-content\/themes\/agrosmart\/inc\/timthumb.php?src=https:\/\/www.agrosmartglobal.eu\/wp-content\/themes\/agrosmart\/img\/mapas\/utad.png&w=368&h=83\">\n    <\/a>\n    \n<p>[\/vc_column_text][\/vc_column_inner][vc_column_inner width=\u00a0\u00bb1\/2&Prime;][vc_column_text]<\/p>\n<ul>\n<li>    <i class=\"fa fa-map-marker\"><\/i>\nQuinta de Prados, 5001-801, Vila Real<\/li>\n<li>    <i class=\"fa fa-phone\"><\/i>\n Tel. +351 259 350 000<\/li>\n<li>    <i class=\"fa fa-desktop\"><\/i>\n <a href=\"https:\/\/www.utad.pt\">www.utad.pt<\/a><\/li>\n<\/ul>\n<p>[\/vc_column_text][\/vc_column_inner][\/vc_row_inner][\/vc_column][\/vc_row]<\/p>\n","protected":false},"excerpt":{"rendered":"<p>[vc_row el_class=\u00a0\u00bbsection-titulo\u00a0\u00bb][vc_column][vc_column_text] [\/vc_column_text][\/vc_column][\/vc_row][vc_row el_class=\u00a0\u00bbfila-socios\u00a0\u00bb el_id=\u00a0\u00bbagaca\u00a0\u00bb][vc_column el_class=\u00a0\u00bbcontainer\u00a0\u00bb][vc_row_inner][vc_column_inner][vc_column_text] Association Galicienne des Coop\u00e9ratives Agroalimentaires \u2014 AGACA [\/vc_column_text][vc_column_text el_class=\u00a0\u00bbtexto\u00a0\u00bb] Entit\u00e9 qui regroupe environ une centaine de coop\u00e9ratives AA de Galice, r\u00e9gion du nord-ouest de la P\u00e9ninsule Ib\u00e9rique. Depuis 1988, elle d\u00e9fend et repr\u00e9sente les coop\u00e9ratives dans les sph\u00e8res publiques et priv\u00e9es o\u00f9 leurs int\u00e9r\u00eats sont r\u00e9gl\u00e9s et agit en [&hellip;]<\/p>\n","protected":false},"author":256,"featured_media":0,"parent":0,"menu_order":0,"comment_status":"closed","ping_status":"closed","template":"","meta":{"_bbp_topic_count":0,"_bbp_reply_count":0,"_bbp_total_topic_count":0,"_bbp_total_reply_count":0,"_bbp_voice_count":0,"_bbp_anonymous_reply_count":0,"_bbp_topic_count_hidden":0,"_bbp_reply_count_hidden":0,"_bbp_forum_subforum_count":0},"_links":{"self":[{"href":"https:\/\/www.agrosmartglobal.eu\/fr\/wp-json\/wp\/v2\/pages\/10002"}],"collection":[{"href":"https:\/\/www.agrosmartglobal.eu\/fr\/wp-json\/wp\/v2\/pages"}],"about":[{"href":"https:\/\/www.agrosmartglobal.eu\/fr\/wp-json\/wp\/v2\/types\/page"}],"author":[{"embeddable":true,"href":"https:\/\/www.agrosmartglobal.eu\/fr\/wp-json\/wp\/v2\/users\/256"}],"replies":[{"embeddable":true,"href":"https:\/\/www.agrosmartglobal.eu\/fr\/wp-json\/wp\/v2\/comments?post=10002"}],"version-history":[{"count":12,"href":"https:\/\/www.agrosmartglobal.eu\/fr\/wp-json\/wp\/v2\/pages\/10002\/revisions"}],"predecessor-version":[{"id":10896,"href":"https:\/\/www.agrosmartglobal.eu\/fr\/wp-json\/wp\/v2\/pages\/10002\/revisions\/10896"}],"wp:attachment":[{"href":"https:\/\/www.agrosmartglobal.eu\/fr\/wp-json\/wp\/v2\/media?parent=10002"}],"curies":[{"name":"wp","href":"https:\/\/api.w.org\/{rel}","templated":true}]}}